{"id":1101,"date":"2020-09-11T20:46:48","date_gmt":"2020-09-11T20:46:48","guid":{"rendered":"http:\/\/der-kleine-landladen.de\/?post_type=tribe_events&#038;p=1101"},"modified":"2020-09-11T20:51:30","modified_gmt":"2020-09-11T20:51:30","slug":"handgemacht-kreativmarkt-chemnitz","status":"publish","type":"tribe_events","link":"https:\/\/der-kleine-landladen.de\/?tribe_events=handgemacht-kreativmarkt-chemnitz","title":{"rendered":"handgemacht Kreativmarkt Chemnitz"},"content":{"rendered":"<h2 class=\"messe-name\">handgemacht Kreativmarkt Chemnitz<\/h2>\n","protected":false},"excerpt":{"rendered":"<p>Der handgemacht Kreativmarkt in Chemnitz ist DER Marktplatz f\u00fcr Kreative, Designer &#038; Upcycling Produkte. Zahlreiche Kleinerzeuger, frische und junge Labels, Selfmade-Designer sowie Privatpersonen aus der Region und ganz Deutschland pr\u00e4sentieren auf der handgemacht Messe Chemnitz ihre handgefertigten Einzelst\u00fccke jenseits der Stange. Das Angebotsspektrum umfasst dabei unter anderem handgefertigte Designerst\u00fccke, Mode, Schmuck und Accessoires die geh\u00e4kelts, geflockt, geklebt, geklickt, gen\u00e4ht, gestrickt, gefilzt, gemalt, gedruckt oder auch geh\u00e4mmert sind. Verschiedene Mitmach- und Bastelaktionen, sowie auch handwerkliche Schauvorf\u00fchrungen runden das Angebot des handgemacht Kreativmarkt Chemnitz ab.<\/p>\n","protected":false},"author":1,"featured_media":0,"comment_status":"open","ping_status":"closed","template":"","meta":{"_tribe_events_status":"","_tribe_events_status_reason":"","footnotes":""},"tags":[],"tribe_events_cat":[33],"class_list":["post-1101","tribe_events","type-tribe_events","status-publish","hentry","tribe_events_cat-aktuelle-veranstaltungen","cat_aktuelle-veranstaltungen"],"jetpack_sharing_enabled":true,"_links":{"self":[{"href":"https:\/\/der-kleine-landladen.de\/index.php?rest_route=\/wp\/v2\/tribe_events\/1101","targetHints":{"allow":["GET"]}}],"collection":[{"href":"https:\/\/der-kleine-landladen.de\/index.php?rest_route=\/wp\/v2\/tribe_events"}],"about":[{"href":"https:\/\/der-kleine-landladen.de\/index.php?rest_route=\/wp\/v2\/types\/tribe_events"}],"author":[{"embeddable":true,"href":"https:\/\/der-kleine-landladen.de\/index.php?rest_route=\/wp\/v2\/users\/1"}],"replies":[{"embeddable":true,"href":"https:\/\/der-kleine-landladen.de\/index.php?rest_route=%2Fwp%2Fv2%2Fcomments&post=1101"}],"version-history":[{"count":1,"href":"https:\/\/der-kleine-landladen.de\/index.php?rest_route=\/wp\/v2\/tribe_events\/1101\/revisions"}],"predecessor-version":[{"id":1102,"href":"https:\/\/der-kleine-landladen.de\/index.php?rest_route=\/wp\/v2\/tribe_events\/1101\/revisions\/1102"}],"wp:attachment":[{"href":"https:\/\/der-kleine-landladen.de\/index.php?rest_route=%2Fwp%2Fv2%2Fmedia&parent=1101"}],"wp:term":[{"taxonomy":"post_tag","embeddable":true,"href":"https:\/\/der-kleine-landladen.de\/index.php?rest_route=%2Fwp%2Fv2%2Ftags&post=1101"},{"taxonomy":"tribe_events_cat","embeddable":true,"href":"https:\/\/der-kleine-landladen.de\/index.php?rest_route=%2Fwp%2Fv2%2Ftribe_events_cat&post=1101"}],"curies":[{"name":"wp","href":"https:\/\/api.w.org\/{rel}","templated":true}]}}