{"id":3035,"date":"2026-03-05T21:47:56","date_gmt":"2026-03-05T20:47:56","guid":{"rendered":"https:\/\/der-kleine-landladen.de\/?post_type=tribe_events&#038;p=3035"},"modified":"2026-03-05T22:21:31","modified_gmt":"2026-03-05T21:21:31","slug":"fruehling-auf-dem-lande","status":"publish","type":"tribe_events","link":"https:\/\/der-kleine-landladen.de\/?tribe_events=fruehling-auf-dem-lande","title":{"rendered":"Fr\u00fchling auf dem Lande"},"content":{"rendered":"<h3 data-start=\"205\" data-end=\"234\">Geplanter Ostermarkt<\/h3>\n<ul data-start=\"235\" data-end=\"627\">\n<li data-start=\"235\" data-end=\"294\">\n<p data-start=\"237\" data-end=\"294\"><strong data-start=\"237\" data-end=\"247\">Event:<\/strong> Ostermarkt direkt beim Landladen auf dem Hof<\/p>\n<\/li>\n<li data-start=\"295\" data-end=\"356\">\n<p data-start=\"297\" data-end=\"356\"><strong data-start=\"297\" data-end=\"307\">Datum:<\/strong> <em data-start=\"308\" data-end=\"325\">voraussichtlich<\/em> <strong data-start=\"326\" data-end=\"354\">7. M\u00e4rz und 8. M\u00e4rz 2026<\/strong><\/p>\n<\/li>\n<li data-start=\"357\" data-end=\"406\">\n<p data-start=\"359\" data-end=\"406\"><strong data-start=\"359\" data-end=\"367\">Ort:<\/strong> Hof in Klein D\u00f6bbern, Kastanienweg 3<\/p>\n<\/li>\n<\/ul>\n<p><img data-recalc-dims=\"1\" loading=\"lazy\" decoding=\"async\" class=\"alignnone size-medium wp-image-2988\" src=\"https:\/\/i0.wp.com\/der-kleine-landladen.de\/wp-content\/uploads\/2026\/01\/Fruehling-auf-dem-Lande.png?resize=350%2C500&#038;ssl=1\" alt=\"\u201ehandgemachte Dekoartikel aus Klein D\u00f6bbern\u201c \u201esaisonale Osterdeko Landhausstil\u201c\" width=\"350\" height=\"500\" srcset=\"https:\/\/i0.wp.com\/der-kleine-landladen.de\/wp-content\/uploads\/2026\/01\/Fruehling-auf-dem-Lande.png?resize=350%2C500&amp;ssl=1 350w, https:\/\/i0.wp.com\/der-kleine-landladen.de\/wp-content\/uploads\/2026\/01\/Fruehling-auf-dem-Lande.png?w=393&amp;ssl=1 393w\" sizes=\"auto, (max-width: 350px) 100vw, 350px\" \/><\/p>\n<p><img data-recalc-dims=\"1\" loading=\"lazy\" decoding=\"async\" class=\"alignnone size-medium wp-image-2987\" src=\"https:\/\/i0.wp.com\/der-kleine-landladen.de\/wp-content\/uploads\/2026\/01\/Fruehling-auf-dem-Lande_2.png?resize=347%2C500&#038;ssl=1\" alt=\"\u201ehandgemachte Dekoartikel aus Klein D\u00f6bbern\u201c \u201esaisonale Osterdeko Landhausstil\u201c\" width=\"347\" height=\"500\" srcset=\"https:\/\/i0.wp.com\/der-kleine-landladen.de\/wp-content\/uploads\/2026\/01\/Fruehling-auf-dem-Lande_2.png?resize=347%2C500&amp;ssl=1 347w, https:\/\/i0.wp.com\/der-kleine-landladen.de\/wp-content\/uploads\/2026\/01\/Fruehling-auf-dem-Lande_2.png?w=390&amp;ssl=1 390w\" sizes=\"auto, (max-width: 347px) 100vw, 347px\" \/><\/p>\n","protected":false},"excerpt":{"rendered":"<p>Geplanter Ostermarkt Event: Ostermarkt direkt beim Landladen auf dem Hof Datum: voraussichtlich 7. M\u00e4rz und 8. M\u00e4rz 2026 Ort: Hof in Klein D\u00f6bbern, Kastanienweg 3<\/p>\n","protected":false},"author":1,"featured_media":0,"comment_status":"closed","ping_status":"closed","template":"","meta":{"_tribe_events_status":"","_tribe_events_status_reason":"","footnotes":""},"tags":[102,105,109,104,106],"tribe_events_cat":[33],"class_list":["post-3035","tribe_events","type-tribe_events","status-publish","hentry","tag-hoffest","tag-landhausstil","tag-naturdeko","tag-neues-und-altes","tag-osterdeko","tribe_events_cat-aktuelle-veranstaltungen","cat_aktuelle-veranstaltungen"],"jetpack_sharing_enabled":true,"_links":{"self":[{"href":"https:\/\/der-kleine-landladen.de\/index.php?rest_route=\/wp\/v2\/tribe_events\/3035","targetHints":{"allow":["GET"]}}],"collection":[{"href":"https:\/\/der-kleine-landladen.de\/index.php?rest_route=\/wp\/v2\/tribe_events"}],"about":[{"href":"https:\/\/der-kleine-landladen.de\/index.php?rest_route=\/wp\/v2\/types\/tribe_events"}],"author":[{"embeddable":true,"href":"https:\/\/der-kleine-landladen.de\/index.php?rest_route=\/wp\/v2\/users\/1"}],"replies":[{"embeddable":true,"href":"https:\/\/der-kleine-landladen.de\/index.php?rest_route=%2Fwp%2Fv2%2Fcomments&post=3035"}],"version-history":[{"count":2,"href":"https:\/\/der-kleine-landladen.de\/index.php?rest_route=\/wp\/v2\/tribe_events\/3035\/revisions"}],"predecessor-version":[{"id":3038,"href":"https:\/\/der-kleine-landladen.de\/index.php?rest_route=\/wp\/v2\/tribe_events\/3035\/revisions\/3038"}],"wp:attachment":[{"href":"https:\/\/der-kleine-landladen.de\/index.php?rest_route=%2Fwp%2Fv2%2Fmedia&parent=3035"}],"wp:term":[{"taxonomy":"post_tag","embeddable":true,"href":"https:\/\/der-kleine-landladen.de\/index.php?rest_route=%2Fwp%2Fv2%2Ftags&post=3035"},{"taxonomy":"tribe_events_cat","embeddable":true,"href":"https:\/\/der-kleine-landladen.de\/index.php?rest_route=%2Fwp%2Fv2%2Ftribe_events_cat&post=3035"}],"curies":[{"name":"wp","href":"https:\/\/api.w.org\/{rel}","templated":true}]}}