{"id":3043,"date":"2026-03-06T21:04:26","date_gmt":"2026-03-06T20:04:26","guid":{"rendered":"https:\/\/der-kleine-landladen.de\/?post_type=tribe_events&#038;p=3043"},"modified":"2026-03-06T21:04:26","modified_gmt":"2026-03-06T20:04:26","slug":"start-in-den-fruehling-ostermarkt-in-weimar","status":"publish","type":"tribe_events","link":"https:\/\/der-kleine-landladen.de\/?tribe_events=start-in-den-fruehling-ostermarkt-in-weimar","title":{"rendered":"Start in den Fr\u00fchling, Ostermarkt in Weimar"},"content":{"rendered":"<p>Auftakt vor Ostern: Der Markt mit seinem bunten Sortiment ist zur beliebten Tradition geworden. Auf dem Markt und Theaterplatz laden H\u00e4ndler und Kunsthandwerker zum St\u00f6bern, Kaufen und Kosten ein. \u00a0Es gibt zahlreiche ostertypische Angebote, Floristikartikel, kulinarische Spezialit\u00e4ten von regionalen Landwirten, Geschenkideen aber auch Spielwaren. F\u00fcr das leibliche Wohl der Besucherinnen und Besucher ist ebenfalls gesorgt. Das mittlerweile traditionelle &#8222;Osterk\u00f6rbchenbasteln&#8220; f\u00fcr die kleinen Marktbesucher wird es wieder geben. Auch ein Karussell sorgt f\u00fcr Unterhaltung.<\/p>\n<p>Gr\u00fcnde genug, sich am Wochenende vor Ostern mit der ganzen Familie auf einen gem\u00fctlichen Einkaufsbummel in Weimars Innenstadt zu begeben. Zus\u00e4tzlich \u00f6ffnen die Innenstadth\u00e4ndler und kleinen Manufakturen ihre Gesch\u00e4fte.<\/p>\n<p><strong>28. und 29. M\u00e4rz 2026<\/strong><\/p>\n","protected":false},"excerpt":{"rendered":"<p>Auftakt vor Ostern: Der Markt mit seinem bunten Sortiment ist zur beliebten Tradition geworden. Auf dem Markt und Theaterplatz laden H\u00e4ndler und Kunsthandwerker zum St\u00f6bern, Kaufen und Kosten ein. \u00a0Es &hellip; <\/p>\n<p class=\"link-more\"><a href=\"https:\/\/der-kleine-landladen.de\/?tribe_events=start-in-den-fruehling-ostermarkt-in-weimar\" class=\"more-link\"><span class=\"screen-reader-text\">\u201eStart in den Fr\u00fchling, Ostermarkt in Weimar\u201c <\/span>weiterlesen<\/a><\/p>\n","protected":false},"author":1,"featured_media":0,"comment_status":"open","ping_status":"closed","template":"","meta":{"_tribe_events_status":"","_tribe_events_status_reason":"","footnotes":""},"tags":[105,109,104,106],"tribe_events_cat":[],"class_list":["post-3043","tribe_events","type-tribe_events","status-publish","hentry","tag-landhausstil","tag-naturdeko","tag-neues-und-altes","tag-osterdeko"],"jetpack_sharing_enabled":true,"_links":{"self":[{"href":"https:\/\/der-kleine-landladen.de\/index.php?rest_route=\/wp\/v2\/tribe_events\/3043","targetHints":{"allow":["GET"]}}],"collection":[{"href":"https:\/\/der-kleine-landladen.de\/index.php?rest_route=\/wp\/v2\/tribe_events"}],"about":[{"href":"https:\/\/der-kleine-landladen.de\/index.php?rest_route=\/wp\/v2\/types\/tribe_events"}],"author":[{"embeddable":true,"href":"https:\/\/der-kleine-landladen.de\/index.php?rest_route=\/wp\/v2\/users\/1"}],"replies":[{"embeddable":true,"href":"https:\/\/der-kleine-landladen.de\/index.php?rest_route=%2Fwp%2Fv2%2Fcomments&post=3043"}],"version-history":[{"count":1,"href":"https:\/\/der-kleine-landladen.de\/index.php?rest_route=\/wp\/v2\/tribe_events\/3043\/revisions"}],"predecessor-version":[{"id":3045,"href":"https:\/\/der-kleine-landladen.de\/index.php?rest_route=\/wp\/v2\/tribe_events\/3043\/revisions\/3045"}],"wp:attachment":[{"href":"https:\/\/der-kleine-landladen.de\/index.php?rest_route=%2Fwp%2Fv2%2Fmedia&parent=3043"}],"wp:term":[{"taxonomy":"post_tag","embeddable":true,"href":"https:\/\/der-kleine-landladen.de\/index.php?rest_route=%2Fwp%2Fv2%2Ftags&post=3043"},{"taxonomy":"tribe_events_cat","embeddable":true,"href":"https:\/\/der-kleine-landladen.de\/index.php?rest_route=%2Fwp%2Fv2%2Ftribe_events_cat&post=3043"}],"curies":[{"name":"wp","href":"https:\/\/api.w.org\/{rel}","templated":true}]}}