{"id":3183,"date":"2026-09-01T21:10:55","date_gmt":"2026-09-01T19:10:55","guid":{"rendered":"https:\/\/der-kleine-landladen.de\/?post_type=tribe_events&#038;p=3183"},"modified":"2026-09-01T21:10:55","modified_gmt":"2026-09-01T19:10:55","slug":"herbst-naturmarkt-wartha","status":"publish","type":"tribe_events","link":"https:\/\/der-kleine-landladen.de\/?tribe_events=herbst-naturmarkt-wartha","title":{"rendered":"Herbst Naturmarkt Wartha"},"content":{"rendered":"<h2 id=\"h-herbst-naturmarkt-unter-dem-motto-tolle-knolle\" class=\"wp-block-heading\">Herbst-Naturmarkt unter dem Motto \u201eTolle Knolle\u201c<\/h2>\n<p class=\"wp-block-paragraph\">Der <a href=\"https:\/\/www.haus-der-tausend-teiche.de\/veranstaltungen\" target=\"_blank\" rel=\"noopener\">Naturmarkt in Wartha<\/a> l\u00e4dt zu besonderen Markttagen im Biosph\u00e4renreservat Oberlausitzer Heide- und Teichlandschaft ein. Auf dem Hof der Biosph\u00e4renreservatsverwaltung pr\u00e4sentieren regionale Erzeuger, H\u00e4ndler, Handwerker und Vereine ihre Produkte, ihr K\u00f6nnen und ihre Ideen f\u00fcr eine nachhaltige, naturnahe Lebensweise.<\/p>\n<p class=\"wp-block-paragraph\">An \u00fcber 80 Marktst\u00e4nden gibt es viel zu entdecken: regionale Lebensmittel, Pflanzen, Naturprodukte, Kunsthandwerk, Textilien, Korbwaren, T\u00f6pferwaren und kulinarische Spezialit\u00e4ten aus der Oberlausitz. Traditionelle Handwerksvorf\u00fchrungen, Informationsangebote und ein abwechslungsreiches Kulturprogramm machen den Markt zu einem Erlebnis f\u00fcr die ganze Familie.<\/p>\n","protected":false},"excerpt":{"rendered":"<p>Herbst-Naturmarkt unter dem Motto \u201eTolle Knolle\u201c Der Naturmarkt in Wartha l\u00e4dt zu besonderen Markttagen im Biosph\u00e4renreservat Oberlausitzer Heide- und Teichlandschaft ein. Auf dem Hof der Biosph\u00e4renreservatsverwaltung pr\u00e4sentieren regionale Erzeuger, H\u00e4ndler, Handwerker und Vereine ihre Produkte, ihr K\u00f6nnen und ihre Ideen f\u00fcr eine nachhaltige, naturnahe Lebensweise. An \u00fcber 80 Marktst\u00e4nden gibt es viel zu entdecken: regionale Lebensmittel, Pflanzen, Naturprodukte, Kunsthandwerk, Textilien, Korbwaren, T\u00f6pferwaren und kulinarische Spezialit\u00e4ten aus der Oberlausitz. Traditionelle Handwerksvorf\u00fchrungen, Informationsangebote und ein abwechslungsreiches Kulturprogramm machen den Markt zu einem Erlebnis f\u00fcr die ganze Familie.<\/p>\n","protected":false},"author":1,"featured_media":0,"comment_status":"open","ping_status":"closed","template":"","meta":{"_tribe_events_status":"","_tribe_events_status_reason":"","footnotes":""},"tags":[101,119,126,102,107,105,109,124],"tribe_events_cat":[],"class_list":["post-3183","tribe_events","type-tribe_events","status-publish","hentry","tag-gartenmarkt","tag-genussmarkt","tag-handwerk-in-der-lausitz","tag-hoffest","tag-kerzen-licht","tag-landhausstil","tag-naturdeko","tag-regionaler-markt"],"jetpack_sharing_enabled":true,"_links":{"self":[{"href":"https:\/\/der-kleine-landladen.de\/index.php?rest_route=\/wp\/v2\/tribe_events\/3183","targetHints":{"allow":["GET"]}}],"collection":[{"href":"https:\/\/der-kleine-landladen.de\/index.php?rest_route=\/wp\/v2\/tribe_events"}],"about":[{"href":"https:\/\/der-kleine-landladen.de\/index.php?rest_route=\/wp\/v2\/types\/tribe_events"}],"author":[{"embeddable":true,"href":"https:\/\/der-kleine-landladen.de\/index.php?rest_route=\/wp\/v2\/users\/1"}],"replies":[{"embeddable":true,"href":"https:\/\/der-kleine-landladen.de\/index.php?rest_route=%2Fwp%2Fv2%2Fcomments&post=3183"}],"version-history":[{"count":1,"href":"https:\/\/der-kleine-landladen.de\/index.php?rest_route=\/wp\/v2\/tribe_events\/3183\/revisions"}],"predecessor-version":[{"id":3184,"href":"https:\/\/der-kleine-landladen.de\/index.php?rest_route=\/wp\/v2\/tribe_events\/3183\/revisions\/3184"}],"wp:attachment":[{"href":"https:\/\/der-kleine-landladen.de\/index.php?rest_route=%2Fwp%2Fv2%2Fmedia&parent=3183"}],"wp:term":[{"taxonomy":"post_tag","embeddable":true,"href":"https:\/\/der-kleine-landladen.de\/index.php?rest_route=%2Fwp%2Fv2%2Ftags&post=3183"},{"taxonomy":"tribe_events_cat","embeddable":true,"href":"https:\/\/der-kleine-landladen.de\/index.php?rest_route=%2Fwp%2Fv2%2Ftribe_events_cat&post=3183"}],"curies":[{"name":"wp","href":"https:\/\/api.w.org\/{rel}","templated":true}]}}